{"id":1157,"date":"2025-03-20T11:19:16","date_gmt":"2025-03-20T10:19:16","guid":{"rendered":"https:\/\/www.faberhaus.lu\/?page_id=1157"},"modified":"2026-01-30T11:37:49","modified_gmt":"2026-01-30T10:37:49","slug":"ankauf","status":"publish","type":"page","link":"https:\/\/www.faberhaus.lu\/en-gb\/ankauf\/","title":{"rendered":"Purchase"},"content":{"rendered":"<div data-elementor-type=\"wp-page\" data-elementor-id=\"1157\" class=\"elementor elementor-1157\" data-elementor-settings=\"{&quot;ha_cmc_init_switcher&quot;:&quot;no&quot;}\" data-elementor-post-type=\"page\">\n\t\t\t\t\t\t<section class=\"elementor-section elementor-top-section elementor-element elementor-element-34c9248 elementor-section-full_width elementor-section-height-default elementor-section-height-default\" data-id=\"34c9248\" data-element_type=\"section\" data-e-type=\"section\" data-settings=\"{&quot;background_background&quot;:&quot;gradient&quot;,&quot;_ha_eqh_enable&quot;:false}\">\n\t\t\t\t\t\t<div class=\"elementor-container elementor-column-gap-no\">\n\t\t\t\t\t<div class=\"elementor-column elementor-col-100 elementor-top-column elementor-element elementor-element-e3291d3\" data-id=\"e3291d3\" data-element_type=\"column\" data-e-type=\"column\">\n\t\t\t<div class=\"elementor-widget-wrap elementor-element-populated\">\n\t\t\t\t\t\t<section class=\"elementor-section elementor-inner-section elementor-element elementor-element-2b52a9f elementor-reverse-tablet elementor-reverse-mobile elementor-section-boxed elementor-section-height-default elementor-section-height-default\" data-id=\"2b52a9f\" data-element_type=\"section\" data-e-type=\"section\" data-settings=\"{&quot;background_background&quot;:&quot;classic&quot;,&quot;_ha_eqh_enable&quot;:false}\">\n\t\t\t\t\t\t\t<div class=\"elementor-background-overlay\"><\/div>\n\t\t\t\t\t\t\t<div class=\"elementor-container elementor-column-gap-no\">\n\t\t\t\t\t<div class=\"elementor-column elementor-col-100 elementor-inner-column elementor-element elementor-element-98e6a8a\" data-id=\"98e6a8a\" data-element_type=\"column\" data-e-type=\"column\">\n\t\t\t<div class=\"elementor-widget-wrap elementor-element-populated\">\n\t\t\t\t\t\t<div class=\"elementor-element elementor-element-0af6677 elementor-widget elementor-widget-spacer\" data-id=\"0af6677\" data-element_type=\"widget\" data-e-type=\"widget\" data-widget_type=\"spacer.default\">\n\t\t\t\t<div class=\"elementor-widget-container\">\n\t\t\t\t\t\t\t<div class=\"elementor-spacer\">\n\t\t\t<div class=\"elementor-spacer-inner\"><\/div>\n\t\t<\/div>\n\t\t\t\t\t\t<\/div>\n\t\t\t\t<\/div>\n\t\t\t\t\t<\/div>\n\t\t<\/div>\n\t\t\t\t\t<\/div>\n\t\t<\/section>\n\t\t\t\t\t<\/div>\n\t\t<\/div>\n\t\t\t\t\t<\/div>\n\t\t<\/section>\n\t\t\t\t<section class=\"elementor-section elementor-top-section elementor-element elementor-element-2fd263e elementor-section-boxed elementor-section-height-default elementor-section-height-default\" data-id=\"2fd263e\" data-element_type=\"section\" data-e-type=\"section\" data-settings=\"{&quot;_ha_eqh_enable&quot;:false}\">\n\t\t\t\t\t\t<div class=\"elementor-container elementor-column-gap-no\">\n\t\t\t\t\t<div class=\"elementor-column elementor-col-50 elementor-top-column elementor-element elementor-element-1de8100\" data-id=\"1de8100\" data-element_type=\"column\" data-e-type=\"column\">\n\t\t\t<div class=\"elementor-widget-wrap elementor-element-populated\">\n\t\t\t\t\t\t<div class=\"elementor-element elementor-element-de5491d elementor-widget elementor-widget-heading\" data-id=\"de5491d\" data-element_type=\"widget\" data-e-type=\"widget\" data-widget_type=\"heading.default\">\n\t\t\t\t<div class=\"elementor-widget-container\">\n\t\t\t\t\t<h2 class=\"elementor-heading-title elementor-size-default\">Schnell, fair und professionell<\/h2>\t\t\t\t<\/div>\n\t\t\t\t<\/div>\n\t\t\t\t<div class=\"elementor-element elementor-element-1e092bb elementor-widget elementor-widget-heading\" data-id=\"1e092bb\" data-element_type=\"widget\" data-e-type=\"widget\" data-widget_type=\"heading.default\">\n\t\t\t\t<div class=\"elementor-widget-container\">\n\t\t\t\t\t<h1 class=\"elementor-heading-title elementor-size-default\">Grundst\u00fcck verkaufen in Luxemburg &amp; Trier<\/h1>\t\t\t\t<\/div>\n\t\t\t\t<\/div>\n\t\t\t\t\t<\/div>\n\t\t<\/div>\n\t\t\t\t<div class=\"elementor-column elementor-col-50 elementor-top-column elementor-element elementor-element-9856ff8\" data-id=\"9856ff8\" data-element_type=\"column\" data-e-type=\"column\">\n\t\t\t<div class=\"elementor-widget-wrap elementor-element-populated\">\n\t\t\t\t\t\t<div class=\"elementor-element elementor-element-cc87ef6 elementor-widget elementor-widget-text-editor\" data-id=\"cc87ef6\" data-element_type=\"widget\" data-e-type=\"widget\" data-widget_type=\"text-editor.default\">\n\t\t\t\t<div class=\"elementor-widget-container\">\n\t\t\t\t\t\t\t\t\t<p>Sie m\u00f6chten Ihr <b data-path-to-node=\"4\" data-index-in-node=\"16\">Grundst\u00fcck verkaufen<\/b> und suchen einen verl\u00e4sslichen Partner in der Gro\u00dfregion Luxemburg oder Trier? Faberhaus kauft Fl\u00e4chen f\u00fcr zukunftsweisende Wohn- und Gewerbeprojekte an. Wir bieten Ihnen eine diskrete Abwicklung, faire Konditionen und eine schnelle Entscheidung ohne langwierige Verhandlungen. Ob Baugrundst\u00fcck, ungenutzte Areale oder Konversionsfl\u00e4chen \u2013 wir pr\u00fcfen jedes Angebot individuell und reagieren zeitnah. Vertrauen Sie auf unsere regionale Expertise und verwandeln Sie Ihre Fl\u00e4che in wertvollen Lebensraum.<\/p>\t\t\t\t\t\t\t\t<\/div>\n\t\t\t\t<\/div>\n\t\t\t\t\t<\/div>\n\t\t<\/div>\n\t\t\t\t\t<\/div>\n\t\t<\/section>\n\t\t\t\t<section class=\"elementor-section elementor-top-section elementor-element elementor-element-1da05ca1 elementor-section-boxed elementor-section-height-default elementor-section-height-default\" data-id=\"1da05ca1\" data-element_type=\"section\" data-e-type=\"section\" data-settings=\"{&quot;_ha_eqh_enable&quot;:false}\">\n\t\t\t\t\t\t<div class=\"elementor-container elementor-column-gap-no\">\n\t\t\t\t\t<div class=\"elementor-column elementor-col-50 elementor-top-column elementor-element elementor-element-4c943ac\" data-id=\"4c943ac\" data-element_type=\"column\" data-e-type=\"column\">\n\t\t\t<div class=\"elementor-widget-wrap elementor-element-populated\">\n\t\t\t\t\t\t<div class=\"elementor-element elementor-element-37493801 ha-has-bg-overlay elementor-widget elementor-widget-image\" data-id=\"37493801\" data-element_type=\"widget\" data-e-type=\"widget\" data-widget_type=\"image.default\">\n\t\t\t\t<div class=\"elementor-widget-container\">\n\t\t\t\t\t\t\t\t\t\t\t\t\t\t\t<img fetchpriority=\"high\" decoding=\"async\" width=\"2560\" height=\"1707\" src=\"https:\/\/www.faberhaus.lu\/wp-content\/uploads\/2025\/04\/Ankauf_Grunstueck.jpg\" class=\"attachment-full size-full wp-image-1844\" alt=\"Faberhaus_Ankauf_Grunstueck 02\" srcset=\"https:\/\/www.faberhaus.lu\/wp-content\/uploads\/2025\/04\/Ankauf_Grunstueck.jpg 2560w, https:\/\/www.faberhaus.lu\/wp-content\/uploads\/2025\/04\/Ankauf_Grunstueck-300x200.jpg 300w, https:\/\/www.faberhaus.lu\/wp-content\/uploads\/2025\/04\/Ankauf_Grunstueck-1024x683.jpg 1024w, https:\/\/www.faberhaus.lu\/wp-content\/uploads\/2025\/04\/Ankauf_Grunstueck-768x512.jpg 768w, https:\/\/www.faberhaus.lu\/wp-content\/uploads\/2025\/04\/Ankauf_Grunstueck-1536x1024.jpg 1536w, https:\/\/www.faberhaus.lu\/wp-content\/uploads\/2025\/04\/Ankauf_Grunstueck-2048x1366.jpg 2048w\" sizes=\"(max-width: 2560px) 100vw, 2560px\" \/>\t\t\t\t\t\t\t\t\t\t\t\t\t\t\t<\/div>\n\t\t\t\t<\/div>\n\t\t\t\t\t<\/div>\n\t\t<\/div>\n\t\t\t\t<div class=\"elementor-column elementor-col-50 elementor-top-column elementor-element elementor-element-21452d3a\" data-id=\"21452d3a\" data-element_type=\"column\" data-e-type=\"column\">\n\t\t\t<div class=\"elementor-widget-wrap elementor-element-populated\">\n\t\t\t\t\t\t<div class=\"elementor-element elementor-element-ffdd504 elementor-widget elementor-widget-heading\" data-id=\"ffdd504\" data-element_type=\"widget\" data-e-type=\"widget\" data-widget_type=\"heading.default\">\n\t\t\t\t<div class=\"elementor-widget-container\">\n\t\t\t\t\t<h2 class=\"elementor-heading-title elementor-size-default\">Sales made easy <\/h2>\t\t\t\t<\/div>\n\t\t\t\t<\/div>\n\t\t\t\t<div class=\"elementor-element elementor-element-6208441 elementor-widget elementor-widget-heading\" data-id=\"6208441\" data-element_type=\"widget\" data-e-type=\"widget\" data-widget_type=\"heading.default\">\n\t\t\t\t<div class=\"elementor-widget-container\">\n\t\t\t\t\t<h2 class=\"elementor-heading-title elementor-size-default\">So einfach funktioniert der Prozess<\/h2>\t\t\t\t<\/div>\n\t\t\t\t<\/div>\n\t\t\t\t<div class=\"elementor-element elementor-element-42bfe6d4 elementor-widget elementor-widget-text-editor\" data-id=\"42bfe6d4\" data-element_type=\"widget\" data-e-type=\"widget\" data-widget_type=\"text-editor.default\">\n\t\t\t\t<div class=\"elementor-widget-container\">\n\t\t\t\t\t\t\t\t\t<p data-path-to-node=\"12\">Wir gestalten den Ankauf f\u00fcr Sie so unkompliziert wie m\u00f6glich. Senden Sie uns einfach die Adresse sowie die ungef\u00e4hre Gr\u00f6\u00dfe des Grundst\u00fccks per E-Mail oder rufen Sie uns direkt an. Wir sichten die Unterlagen umgehend. Sollten Dokumente fehlen, unterst\u00fctzen wir Sie gerne bei der Zusammenstellung aller notwendigen Papiere.<\/p><p data-path-to-node=\"13\">Nach einer positiven Pr\u00fcfung erhalten Sie von uns ein verbindliches Kaufangebot. Gemeinsam schaffen wir so die Basis f\u00fcr neue, moderne Immobilienprojekte.<\/p><p data-start=\"139\" data-end=\"414\"><span style=\"font-family: -apple-system, BlinkMacSystemFont, 'Segoe UI', Roboto, 'Helvetica Neue', Arial, 'Noto Sans', sans-serif, 'Apple Color Emoji', 'Segoe UI Emoji', 'Segoe UI Symbol', 'Noto Color Emoji';\">Even if you \"only\" know the address and location, you can contact us at any time - we'll take care of the rest!<\/span><\/p>\t\t\t\t\t\t\t\t<\/div>\n\t\t\t\t<\/div>\n\t\t\t\t\t<\/div>\n\t\t<\/div>\n\t\t\t\t\t<\/div>\n\t\t<\/section>\n\t\t\t\t<section class=\"elementor-section elementor-top-section elementor-element elementor-element-6384bd6e elementor-section-boxed elementor-section-height-default elementor-section-height-default\" data-id=\"6384bd6e\" data-element_type=\"section\" data-e-type=\"section\" data-settings=\"{&quot;_ha_eqh_enable&quot;:false}\">\n\t\t\t\t\t\t<div class=\"elementor-container elementor-column-gap-no\">\n\t\t\t\t\t<div class=\"elementor-column elementor-col-50 elementor-top-column elementor-element elementor-element-19fcd9ac\" data-id=\"19fcd9ac\" data-element_type=\"column\" data-e-type=\"column\">\n\t\t\t<div class=\"elementor-widget-wrap elementor-element-populated\">\n\t\t\t\t\t\t<div class=\"elementor-element elementor-element-3d07a5c elementor-widget elementor-widget-heading\" data-id=\"3d07a5c\" data-element_type=\"widget\" data-e-type=\"widget\" data-widget_type=\"heading.default\">\n\t\t\t\t<div class=\"elementor-widget-container\">\n\t\t\t\t\t<h2 class=\"elementor-heading-title elementor-size-default\">Unser Ankaufsprofil: Was wir suchen<\/h2>\t\t\t\t<\/div>\n\t\t\t\t<\/div>\n\t\t\t\t<div class=\"elementor-element elementor-element-bed4063 elementor-widget elementor-widget-text-editor\" data-id=\"bed4063\" data-element_type=\"widget\" data-e-type=\"widget\" data-widget_type=\"text-editor.default\">\n\t\t\t\t<div class=\"elementor-widget-container\">\n\t\t\t\t\t\t\t\t\t<p>Wir sind st\u00e4ndig auf der Suche nach neuen Fl\u00e4chen, um hochwertige Bauprojekte zu realisieren. Besonders interessieren uns Objekte, die folgende Kriterien erf\u00fcllen:<\/p>\t\t\t\t\t\t\t\t<\/div>\n\t\t\t\t<\/div>\n\t\t\t\t<div class=\"elementor-element elementor-element-f22b4d4 elementor-widget__width-initial elementor-widget elementor-widget-jkit_feature_list\" data-id=\"f22b4d4\" data-element_type=\"widget\" data-e-type=\"widget\" data-widget_type=\"jkit_feature_list.default\">\n\t\t\t\t<div class=\"elementor-widget-container\">\n\t\t\t\t\t<div  class=\"jeg-elementor-kit jkit-feature-list icon-position-left icon-position-left icon-position-left jeg_module___69f4b0d8ed875\" ><ul class=\"feature-list-items shape-circle shape-view-stacked\"><li class=\"feature-list-item elementor-repeater-item-ac4cc28\">\n\t\t\t\t\n\t\t\t\t<div class=\"feature-list-icon-box\">\n\t\t\t\t\t<div class=\"feature-list-icon-inner\">\n\t\t\t\t\t\t<span class=\"feature-list-icon\">\n\t\t\t\t\t\t\t<i aria-hidden=\"true\" class=\"fas fa-check\"><\/i>\n\t\t\t\t\t\t<\/span>\n\t\t\t\t\t<\/div>\n\t\t\t\t<\/div>\n\t\t\t\t<div class=\"feature-list-content-box\">\n\t\t\t\t\t<h3 class=\"feature-list-title\">Gr\u00f6\u00dfe: Grundst\u00fccke ab einer Fl\u00e4che von 500 Quadratmetern.<\/h3>\n\t\t\t\t<\/div>\n\t\t\t<\/li><li class=\"feature-list-item elementor-repeater-item-bb7c730\">\n\t\t\t\t\n\t\t\t\t<div class=\"feature-list-icon-box\">\n\t\t\t\t\t<div class=\"feature-list-icon-inner\">\n\t\t\t\t\t\t<span class=\"feature-list-icon\">\n\t\t\t\t\t\t\t<i aria-hidden=\"true\" class=\"fas fa-check\"><\/i>\n\t\t\t\t\t\t<\/span>\n\t\t\t\t\t<\/div>\n\t\t\t\t<\/div>\n\t\t\t\t<div class=\"feature-list-content-box\">\n\t\t\t\t\t<h3 class=\"feature-list-title\">Lage: Bevorzugt Gemeinden in Luxemburg, Deutschland (Raum Trier\/Eifel) mit positiver Bev\u00f6lkerungsentwicklung.<\/h3>\n\t\t\t\t<\/div>\n\t\t\t<\/li><li class=\"feature-list-item elementor-repeater-item-3ed4226\">\n\t\t\t\t\n\t\t\t\t<div class=\"feature-list-icon-box\">\n\t\t\t\t\t<div class=\"feature-list-icon-inner\">\n\t\t\t\t\t\t<span class=\"feature-list-icon\">\n\t\t\t\t\t\t\t<i aria-hidden=\"true\" class=\"fas fa-check\"><\/i>\n\t\t\t\t\t\t<\/span>\n\t\t\t\t\t<\/div>\n\t\t\t\t<\/div>\n\t\t\t\t<div class=\"feature-list-content-box\">\n\t\t\t\t\t<h3 class=\"feature-list-title\">Status: Fl\u00e4chen mit oder ohne bestehendes Planungsrecht.<\/h3>\n\t\t\t\t<\/div>\n\t\t\t<\/li><li class=\"feature-list-item elementor-repeater-item-3adfe1f\">\n\t\t\t\t\n\t\t\t\t<div class=\"feature-list-icon-box\">\n\t\t\t\t\t<div class=\"feature-list-icon-inner\">\n\t\t\t\t\t\t<span class=\"feature-list-icon\">\n\t\t\t\t\t\t\t<i aria-hidden=\"true\" class=\"fas fa-check\"><\/i>\n\t\t\t\t\t\t<\/span>\n\t\t\t\t\t<\/div>\n\t\t\t\t<\/div>\n\t\t\t\t<div class=\"feature-list-content-box\">\n\t\t\t\t\t<h3 class=\"feature-list-title\">Art: Wohnbaufl\u00e4chen, gewerblich oder industriell genutzte Areale sowie Konversionsprojekte.<\/h3>\n\t\t\t\t<\/div>\n\t\t\t<\/li><\/ul><\/div>\t\t\t\t<\/div>\n\t\t\t\t<\/div>\n\t\t\t\t\t<\/div>\n\t\t<\/div>\n\t\t\t\t<div class=\"elementor-column elementor-col-50 elementor-top-column elementor-element elementor-element-72662f55\" data-id=\"72662f55\" data-element_type=\"column\" data-e-type=\"column\">\n\t\t\t<div class=\"elementor-widget-wrap elementor-element-populated\">\n\t\t\t\t\t\t<div class=\"elementor-element elementor-element-460243f elementor-widget__width-initial elementor-widget elementor-widget-heading\" data-id=\"460243f\" data-element_type=\"widget\" data-e-type=\"widget\" data-widget_type=\"heading.default\">\n\t\t\t\t<div class=\"elementor-widget-container\">\n\t\t\t\t\t<h2 class=\"elementor-heading-title elementor-size-default\">Your advantages<\/h2>\t\t\t\t<\/div>\n\t\t\t\t<\/div>\n\t\t\t\t<div class=\"elementor-element elementor-element-1750ead elementor-widget elementor-widget-text-editor\" data-id=\"1750ead\" data-element_type=\"widget\" data-e-type=\"widget\" data-widget_type=\"text-editor.default\">\n\t\t\t\t<div class=\"elementor-widget-container\">\n\t\t\t\t\t\t\t\t\t<p>Ein direkter Verkauf an uns spart Ihnen Zeit und zus\u00e4tzliche Kosten f\u00fcr Makler oder aufwendige Vermarktungsprozesse. Wir garantieren Ihnen:<\/p>\t\t\t\t\t\t\t\t<\/div>\n\t\t\t\t<\/div>\n\t\t\t\t<div class=\"elementor-element elementor-element-8a70a0e elementor-widget__width-initial elementor-widget elementor-widget-jkit_feature_list\" data-id=\"8a70a0e\" data-element_type=\"widget\" data-e-type=\"widget\" data-widget_type=\"jkit_feature_list.default\">\n\t\t\t\t<div class=\"elementor-widget-container\">\n\t\t\t\t\t<div  class=\"jeg-elementor-kit jkit-feature-list icon-position-left icon-position-left icon-position-left jeg_module__1_69f4b0d8f06b4\" ><ul class=\"feature-list-items shape-circle shape-view-stacked\"><li class=\"feature-list-item elementor-repeater-item-ac4cc28\">\n\t\t\t\t\n\t\t\t\t<div class=\"feature-list-icon-box\">\n\t\t\t\t\t<div class=\"feature-list-icon-inner\">\n\t\t\t\t\t\t<span class=\"feature-list-icon\">\n\t\t\t\t\t\t\t<i aria-hidden=\"true\" class=\"fas fa-check\"><\/i>\n\t\t\t\t\t\t<\/span>\n\t\t\t\t\t<\/div>\n\t\t\t\t<\/div>\n\t\t\t\t<div class=\"feature-list-content-box\">\n\t\t\t\t\t<h3 class=\"feature-list-title\">Attraktive Kaufpreise: Wir bewerten Ihr Grundst\u00fcck marktgerecht und fair.<\/h3>\n\t\t\t\t<\/div>\n\t\t\t<\/li><li class=\"feature-list-item elementor-repeater-item-2265bc0\">\n\t\t\t\t\n\t\t\t\t<div class=\"feature-list-icon-box\">\n\t\t\t\t\t<div class=\"feature-list-icon-inner\">\n\t\t\t\t\t\t<span class=\"feature-list-icon\">\n\t\t\t\t\t\t\t<i aria-hidden=\"true\" class=\"fas fa-check\"><\/i>\n\t\t\t\t\t\t<\/span>\n\t\t\t\t\t<\/div>\n\t\t\t\t<\/div>\n\t\t\t\t<div class=\"feature-list-content-box\">\n\t\t\t\t\t<h3 class=\"feature-list-title\">H\u00f6chste Bonit\u00e4t: Unsere finanzielle Stabilit\u00e4t sichert Ihnen eine reibungslose Zahlung zu.<\/h3>\n\t\t\t\t<\/div>\n\t\t\t<\/li><li class=\"feature-list-item elementor-repeater-item-bb7c730\">\n\t\t\t\t\n\t\t\t\t<div class=\"feature-list-icon-box\">\n\t\t\t\t\t<div class=\"feature-list-icon-inner\">\n\t\t\t\t\t\t<span class=\"feature-list-icon\">\n\t\t\t\t\t\t\t<i aria-hidden=\"true\" class=\"fas fa-check\"><\/i>\n\t\t\t\t\t\t<\/span>\n\t\t\t\t\t<\/div>\n\t\t\t\t<\/div>\n\t\t\t\t<div class=\"feature-list-content-box\">\n\t\t\t\t\t<h3 class=\"feature-list-title\">Schnelle Abwicklung: Kurze Entscheidungswege erm\u00f6glichen einen z\u00fcgigen Verkaufsabschluss.<\/h3>\n\t\t\t\t<\/div>\n\t\t\t<\/li><li class=\"feature-list-item elementor-repeater-item-3ed4226\">\n\t\t\t\t\n\t\t\t\t<div class=\"feature-list-icon-box\">\n\t\t\t\t\t<div class=\"feature-list-icon-inner\">\n\t\t\t\t\t\t<span class=\"feature-list-icon\">\n\t\t\t\t\t\t\t<i aria-hidden=\"true\" class=\"fas fa-check\"><\/i>\n\t\t\t\t\t\t<\/span>\n\t\t\t\t\t<\/div>\n\t\t\t\t<\/div>\n\t\t\t\t<div class=\"feature-list-content-box\">\n\t\t\t\t\t<h3 class=\"feature-list-title\">Regionale Kompetenz: Als Ihr Ansprechpartner vor Ort kennen wir den Markt in Luxemburg und der Grenzregion genau.<\/h3>\n\t\t\t\t<\/div>\n\t\t\t<\/li><\/ul><\/div>\t\t\t\t<\/div>\n\t\t\t\t<\/div>\n\t\t\t\t\t<\/div>\n\t\t<\/div>\n\t\t\t\t\t<\/div>\n\t\t<\/section>\n\t\t\t\t<section class=\"elementor-section elementor-top-section elementor-element elementor-element-674b06f elementor-section-boxed elementor-section-height-default elementor-section-height-default\" data-id=\"674b06f\" data-element_type=\"section\" data-e-type=\"section\" data-settings=\"{&quot;_ha_eqh_enable&quot;:false}\">\n\t\t\t\t\t\t<div class=\"elementor-container elementor-column-gap-no\">\n\t\t\t\t\t<div class=\"elementor-column elementor-col-50 elementor-top-column elementor-element elementor-element-e9831f4\" data-id=\"e9831f4\" data-element_type=\"column\" data-e-type=\"column\">\n\t\t\t<div class=\"elementor-widget-wrap elementor-element-populated\">\n\t\t\t\t\t\t<div class=\"elementor-element elementor-element-bc30726 elementor-widget elementor-widget-heading\" data-id=\"bc30726\" data-element_type=\"widget\" data-e-type=\"widget\" data-widget_type=\"heading.default\">\n\t\t\t\t<div class=\"elementor-widget-container\">\n\t\t\t\t\t<h2 class=\"elementor-heading-title elementor-size-default\">Room for visions<\/h2>\t\t\t\t<\/div>\n\t\t\t\t<\/div>\n\t\t\t\t<div class=\"elementor-element elementor-element-1c6bb89 elementor-widget elementor-widget-heading\" data-id=\"1c6bb89\" data-element_type=\"widget\" data-e-type=\"widget\" data-widget_type=\"heading.default\">\n\t\t\t\t<div class=\"elementor-widget-container\">\n\t\t\t\t\t<h2 class=\"elementor-heading-title elementor-size-default\">We buy properties <br>\nwith a future.<\/h2>\t\t\t\t<\/div>\n\t\t\t\t<\/div>\n\t\t\t\t<div class=\"elementor-element elementor-element-3285492 elementor-widget elementor-widget-text-editor\" data-id=\"3285492\" data-element_type=\"widget\" data-e-type=\"widget\" data-widget_type=\"text-editor.default\">\n\t\t\t\t<div class=\"elementor-widget-container\">\n\t\t\t\t\t\t\t\t\t<p>We create new living spaces - in the greater region of <br \/>Luxembourg - Germany and Trier. Our focus is on residential construction projects, but we also see potential in commercial and industrial sites. <br \/>Whether conversion projects or unused sites - we see opportunities in every area. Our preferred locations? Regions with a growing quality of life and a positive population trend. Let's shape the future together!<\/p>\t\t\t\t\t\t\t\t<\/div>\n\t\t\t\t<\/div>\n\t\t\t\t<div class=\"elementor-element elementor-element-fc3a896 elementor-widget elementor-widget-spacer\" data-id=\"fc3a896\" data-element_type=\"widget\" data-e-type=\"widget\" data-widget_type=\"spacer.default\">\n\t\t\t\t<div class=\"elementor-widget-container\">\n\t\t\t\t\t\t\t<div class=\"elementor-spacer\">\n\t\t\t<div class=\"elementor-spacer-inner\"><\/div>\n\t\t<\/div>\n\t\t\t\t\t\t<\/div>\n\t\t\t\t<\/div>\n\t\t\t\t<div class=\"elementor-element elementor-element-8f928d4 elementor-widget elementor-widget-text-editor\" data-id=\"8f928d4\" data-element_type=\"widget\" data-e-type=\"widget\" data-widget_type=\"text-editor.default\">\n\t\t\t\t<div class=\"elementor-widget-container\">\n\t\t\t\t\t\t\t\t\tM\u00f6chten Sie sehen, welche Projekte wir bereits erfolgreich umgesetzt haben? Besuchen Sie unsere <a href=\"https:\/\/www.faberhaus.lu\/en-gb\/objekte\/\" target=\"_blank\" rel=\"noopener\" title=\"Referenzseite Immobilien\">Referenzseite zu unseren aktuellen Immobilien und Projekten<\/a> und \u00fcberzeugen Sie sich von unserer Bauqualit\u00e4t.\t\t\t\t\t\t\t\t<\/div>\n\t\t\t\t<\/div>\n\t\t\t\t\t<\/div>\n\t\t<\/div>\n\t\t\t\t<div class=\"elementor-column elementor-col-50 elementor-top-column elementor-element elementor-element-3d8ad02\" data-id=\"3d8ad02\" data-element_type=\"column\" data-e-type=\"column\">\n\t\t\t<div class=\"elementor-widget-wrap elementor-element-populated\">\n\t\t\t\t\t\t<div class=\"elementor-element elementor-element-ba96836 ha-has-bg-overlay elementor-widget elementor-widget-image\" data-id=\"ba96836\" data-element_type=\"widget\" data-e-type=\"widget\" data-widget_type=\"image.default\">\n\t\t\t\t<div class=\"elementor-widget-container\">\n\t\t\t\t\t\t\t\t\t\t\t\t\t\t\t<img decoding=\"async\" width=\"2560\" height=\"1707\" src=\"https:\/\/www.faberhaus.lu\/wp-content\/uploads\/2025\/04\/Ankauf_Grunstueck_1.jpg\" class=\"attachment-full size-full wp-image-1846\" alt=\"Faberhaus_Ankauf_Grunstueck 01\" srcset=\"https:\/\/www.faberhaus.lu\/wp-content\/uploads\/2025\/04\/Ankauf_Grunstueck_1.jpg 2560w, https:\/\/www.faberhaus.lu\/wp-content\/uploads\/2025\/04\/Ankauf_Grunstueck_1-300x200.jpg 300w, https:\/\/www.faberhaus.lu\/wp-content\/uploads\/2025\/04\/Ankauf_Grunstueck_1-1024x683.jpg 1024w, https:\/\/www.faberhaus.lu\/wp-content\/uploads\/2025\/04\/Ankauf_Grunstueck_1-768x512.jpg 768w, https:\/\/www.faberhaus.lu\/wp-content\/uploads\/2025\/04\/Ankauf_Grunstueck_1-1536x1024.jpg 1536w, https:\/\/www.faberhaus.lu\/wp-content\/uploads\/2025\/04\/Ankauf_Grunstueck_1-2048x1366.jpg 2048w\" sizes=\"(max-width: 2560px) 100vw, 2560px\" \/>\t\t\t\t\t\t\t\t\t\t\t\t\t\t\t<\/div>\n\t\t\t\t<\/div>\n\t\t\t\t\t<\/div>\n\t\t<\/div>\n\t\t\t\t\t<\/div>\n\t\t<\/section>\n\t\t\t\t<section class=\"elementor-section elementor-top-section elementor-element elementor-element-109412d2 elementor-section-full_width elementor-section-height-default elementor-section-height-default\" data-id=\"109412d2\" data-element_type=\"section\" data-e-type=\"section\" data-settings=\"{&quot;background_background&quot;:&quot;gradient&quot;,&quot;_ha_eqh_enable&quot;:false}\">\n\t\t\t\t\t\t<div class=\"elementor-container elementor-column-gap-no\">\n\t\t\t\t\t<div class=\"elementor-column elementor-col-100 elementor-top-column elementor-element elementor-element-38ab98c9\" data-id=\"38ab98c9\" data-element_type=\"column\" data-e-type=\"column\">\n\t\t\t<div class=\"elementor-widget-wrap elementor-element-populated\">\n\t\t\t\t\t\t<section class=\"elementor-section elementor-inner-section elementor-element elementor-element-70e484eb elementor-reverse-tablet elementor-reverse-mobile elementor-section-boxed elementor-section-height-default elementor-section-height-default\" data-id=\"70e484eb\" data-element_type=\"section\" data-e-type=\"section\" data-settings=\"{&quot;background_background&quot;:&quot;classic&quot;,&quot;_ha_eqh_enable&quot;:false}\">\n\t\t\t\t\t\t\t<div class=\"elementor-background-overlay\"><\/div>\n\t\t\t\t\t\t\t<div class=\"elementor-container elementor-column-gap-no\">\n\t\t\t\t\t<div class=\"elementor-column elementor-col-50 elementor-inner-column elementor-element elementor-element-1f211cfd\" data-id=\"1f211cfd\" data-element_type=\"column\" data-e-type=\"column\">\n\t\t\t<div class=\"elementor-widget-wrap elementor-element-populated\">\n\t\t\t\t\t\t<div class=\"elementor-element elementor-element-55a12ea0 elementor-widget elementor-widget-jkit_button\" data-id=\"55a12ea0\" data-element_type=\"widget\" data-e-type=\"widget\" data-widget_type=\"jkit_button.default\">\n\t\t\t\t<div class=\"elementor-widget-container\">\n\t\t\t\t\t<div  class=\"jeg-elementor-kit jkit-button  icon-position-before jeg_module__2_69f4b0d900479\" ><a href=\"https:\/\/www.faberhaus.lu\/en-gb\/kontakt\/\" class=\"jkit-button-wrapper\" title=\"Jetzt Kontakt aufnehmen und Immobilie verkaufen\"><i aria-hidden=\"true\" class=\"jki jki-minus-light\"><\/i>Sell today<\/a><\/div>\t\t\t\t<\/div>\n\t\t\t\t<\/div>\n\t\t\t\t\t<\/div>\n\t\t<\/div>\n\t\t\t\t<div class=\"elementor-column elementor-col-50 elementor-inner-column elementor-element elementor-element-2c6c6c\" data-id=\"2c6c6c\" data-element_type=\"column\" data-e-type=\"column\">\n\t\t\t<div class=\"elementor-widget-wrap elementor-element-populated\">\n\t\t\t\t\t\t<div class=\"elementor-element elementor-element-6c88b003 elementor-widget elementor-widget-heading\" data-id=\"6c88b003\" data-element_type=\"widget\" data-e-type=\"widget\" data-widget_type=\"heading.default\">\n\t\t\t\t<div class=\"elementor-widget-container\">\n\t\t\t\t\t<h2 class=\"elementor-heading-title elementor-size-default\">Let's find <br>\nthe best solution!<\/h2>\t\t\t\t<\/div>\n\t\t\t\t<\/div>\n\t\t\t\t\t<\/div>\n\t\t<\/div>\n\t\t\t\t\t<\/div>\n\t\t<\/section>\n\t\t\t\t\t<\/div>\n\t\t<\/div>\n\t\t\t\t\t<\/div>\n\t\t<\/section>\n\t\t\t\t<\/div>","protected":false},"excerpt":{"rendered":"<p>Schnell, fair und professionell Grundst\u00fcck verkaufen in Luxemburg &amp; Trier Sie m\u00f6chten Ihr Grundst\u00fcck verkaufen und suchen einen verl\u00e4sslichen Partner in der Gro\u00dfregion Luxemburg oder Trier? Faberhaus kauft Fl\u00e4chen f\u00fcr zukunftsweisende Wohn- und Gewerbeprojekte an. Wir bieten Ihnen eine diskrete Abwicklung, faire Konditionen und eine schnelle Entscheidung ohne langwierige Verhandlungen. Ob Baugrundst\u00fcck, ungenutzte Areale oder [&hellip;]<\/p>\n","protected":false},"author":1,"featured_media":0,"parent":0,"menu_order":0,"comment_status":"closed","ping_status":"closed","template":"elementor_header_footer","meta":{"footnotes":"","_links_to":"","_links_to_target":""},"class_list":["post-1157","page","type-page","status-publish","hentry"],"yoast_head":"<!-- This site is optimized with the Yoast SEO plugin v27.5 - https:\/\/yoast.com\/product\/yoast-seo-wordpress\/ -->\n<title>Wir kaufen Ihr Grundst\u00fcck schnell &amp; fair - Faberhaus<\/title>\n<meta name=\"description\" content=\"Wir kaufen: Grundst\u00fccke ab 500 m\u00b2? Mit\/ohne Planungsrecht \u2013 attraktiver Preis &amp; schnelle Abwicklung in Luxemburg, Trier &amp; der Gro\u00dfregion.\" \/>\n<meta name=\"robots\" content=\"index, follow, max-snippet:-1, max-image-preview:large, max-video-preview:-1\" \/>\n<link rel=\"canonical\" href=\"https:\/\/www.faberhaus.lu\/en-gb\/ankauf\/\" \/>\n<meta property=\"og:locale\" content=\"en_GB\" \/>\n<meta property=\"og:type\" content=\"article\" \/>\n<meta property=\"og:title\" content=\"Wir kaufen Ihr Grundst\u00fcck schnell &amp; fair - Faberhaus\" \/>\n<meta property=\"og:description\" content=\"Wir kaufen: Grundst\u00fccke ab 500 m\u00b2? Mit\/ohne Planungsrecht \u2013 attraktiver Preis &amp; schnelle Abwicklung in Luxemburg, Trier &amp; der Gro\u00dfregion.\" \/>\n<meta property=\"og:url\" content=\"https:\/\/www.faberhaus.lu\/en-gb\/ankauf\/\" \/>\n<meta property=\"og:site_name\" content=\"Faberhaus\" \/>\n<meta property=\"article:modified_time\" content=\"2026-01-30T10:37:49+00:00\" \/>\n<meta property=\"og:image\" content=\"https:\/\/www.faberhaus.lu\/wp-content\/uploads\/2025\/04\/Ankauf_Grunstueck-1024x683.jpg\" \/>\n\t<meta property=\"og:image:width\" content=\"1024\" \/>\n\t<meta property=\"og:image:height\" content=\"683\" \/>\n\t<meta property=\"og:image:type\" content=\"image\/jpeg\" \/>\n<meta name=\"twitter:card\" content=\"summary_large_image\" \/>\n<meta name=\"twitter:label1\" content=\"Estimated reading time\" \/>\n\t<meta name=\"twitter:data1\" content=\"3 minutes\" \/>\n<script type=\"application\/ld+json\" class=\"yoast-schema-graph\">{\"@context\":\"https:\\\/\\\/schema.org\",\"@graph\":[{\"@type\":\"WebPage\",\"@id\":\"https:\\\/\\\/www.faberhaus.lu\\\/ankauf\\\/\",\"url\":\"https:\\\/\\\/www.faberhaus.lu\\\/ankauf\\\/\",\"name\":\"Wir kaufen Ihr Grundst\u00fcck schnell & fair - Faberhaus\",\"isPartOf\":{\"@id\":\"https:\\\/\\\/www.faberhaus.lu\\\/#website\"},\"primaryImageOfPage\":{\"@id\":\"https:\\\/\\\/www.faberhaus.lu\\\/ankauf\\\/#primaryimage\"},\"image\":{\"@id\":\"https:\\\/\\\/www.faberhaus.lu\\\/ankauf\\\/#primaryimage\"},\"thumbnailUrl\":\"https:\\\/\\\/www.faberhaus.lu\\\/wp-content\\\/uploads\\\/2025\\\/04\\\/Ankauf_Grunstueck.jpg\",\"datePublished\":\"2025-03-20T10:19:16+00:00\",\"dateModified\":\"2026-01-30T10:37:49+00:00\",\"description\":\"Wir kaufen: Grundst\u00fccke ab 500 m\u00b2? Mit\\\/ohne Planungsrecht \u2013 attraktiver Preis & schnelle Abwicklung in Luxemburg, Trier & der Gro\u00dfregion.\",\"breadcrumb\":{\"@id\":\"https:\\\/\\\/www.faberhaus.lu\\\/ankauf\\\/#breadcrumb\"},\"inLanguage\":\"en-GB\",\"potentialAction\":[{\"@type\":\"ReadAction\",\"target\":[\"https:\\\/\\\/www.faberhaus.lu\\\/ankauf\\\/\"]}]},{\"@type\":\"ImageObject\",\"inLanguage\":\"en-GB\",\"@id\":\"https:\\\/\\\/www.faberhaus.lu\\\/ankauf\\\/#primaryimage\",\"url\":\"https:\\\/\\\/www.faberhaus.lu\\\/wp-content\\\/uploads\\\/2025\\\/04\\\/Ankauf_Grunstueck.jpg\",\"contentUrl\":\"https:\\\/\\\/www.faberhaus.lu\\\/wp-content\\\/uploads\\\/2025\\\/04\\\/Ankauf_Grunstueck.jpg\"},{\"@type\":\"BreadcrumbList\",\"@id\":\"https:\\\/\\\/www.faberhaus.lu\\\/ankauf\\\/#breadcrumb\",\"itemListElement\":[{\"@type\":\"ListItem\",\"position\":1,\"name\":\"Startseite\",\"item\":\"https:\\\/\\\/www.faberhaus.lu\\\/\"},{\"@type\":\"ListItem\",\"position\":2,\"name\":\"Ankauf\"}]},{\"@type\":\"WebSite\",\"@id\":\"https:\\\/\\\/www.faberhaus.lu\\\/#website\",\"url\":\"https:\\\/\\\/www.faberhaus.lu\\\/\",\"name\":\"Faberhaus\",\"description\":\"schl\u00fcsselfertiger Massivhausbau\",\"publisher\":{\"@id\":\"https:\\\/\\\/www.faberhaus.lu\\\/#organization\"},\"potentialAction\":[{\"@type\":\"SearchAction\",\"target\":{\"@type\":\"EntryPoint\",\"urlTemplate\":\"https:\\\/\\\/www.faberhaus.lu\\\/?s={search_term_string}\"},\"query-input\":{\"@type\":\"PropertyValueSpecification\",\"valueRequired\":true,\"valueName\":\"search_term_string\"}}],\"inLanguage\":\"en-GB\"},{\"@type\":\"Organization\",\"@id\":\"https:\\\/\\\/www.faberhaus.lu\\\/#organization\",\"name\":\"Faberhaus\",\"url\":\"https:\\\/\\\/www.faberhaus.lu\\\/\",\"logo\":{\"@type\":\"ImageObject\",\"inLanguage\":\"en-GB\",\"@id\":\"https:\\\/\\\/www.faberhaus.lu\\\/#\\\/schema\\\/logo\\\/image\\\/\",\"url\":\"https:\\\/\\\/www.faberhaus.lu\\\/wp-content\\\/uploads\\\/2025\\\/03\\\/Faberhaus_Logo.png\",\"contentUrl\":\"https:\\\/\\\/www.faberhaus.lu\\\/wp-content\\\/uploads\\\/2025\\\/03\\\/Faberhaus_Logo.png\",\"width\":1386,\"height\":610,\"caption\":\"Faberhaus\"},\"image\":{\"@id\":\"https:\\\/\\\/www.faberhaus.lu\\\/#\\\/schema\\\/logo\\\/image\\\/\"}}]}<\/script>\n<!-- \/ Yoast SEO plugin. -->","yoast_head_json":{"title":"Wir kaufen Ihr Grundst\u00fcck schnell & fair - Faberhaus","description":"Wir kaufen: Grundst\u00fccke ab 500 m\u00b2? Mit\/ohne Planungsrecht \u2013 attraktiver Preis & schnelle Abwicklung in Luxemburg, Trier & der Gro\u00dfregion.","robots":{"index":"index","follow":"follow","max-snippet":"max-snippet:-1","max-image-preview":"max-image-preview:large","max-video-preview":"max-video-preview:-1"},"canonical":"https:\/\/www.faberhaus.lu\/en-gb\/ankauf\/","og_locale":"en_GB","og_type":"article","og_title":"Wir kaufen Ihr Grundst\u00fcck schnell & fair - Faberhaus","og_description":"Wir kaufen: Grundst\u00fccke ab 500 m\u00b2? Mit\/ohne Planungsrecht \u2013 attraktiver Preis & schnelle Abwicklung in Luxemburg, Trier & der Gro\u00dfregion.","og_url":"https:\/\/www.faberhaus.lu\/en-gb\/ankauf\/","og_site_name":"Faberhaus","article_modified_time":"2026-01-30T10:37:49+00:00","og_image":[{"width":1024,"height":683,"url":"https:\/\/www.faberhaus.lu\/wp-content\/uploads\/2025\/04\/Ankauf_Grunstueck-1024x683.jpg","type":"image\/jpeg"}],"twitter_card":"summary_large_image","twitter_misc":{"Estimated reading time":"3 minutes"},"schema":{"@context":"https:\/\/schema.org","@graph":[{"@type":"WebPage","@id":"https:\/\/www.faberhaus.lu\/ankauf\/","url":"https:\/\/www.faberhaus.lu\/ankauf\/","name":"Wir kaufen Ihr Grundst\u00fcck schnell & fair - Faberhaus","isPartOf":{"@id":"https:\/\/www.faberhaus.lu\/#website"},"primaryImageOfPage":{"@id":"https:\/\/www.faberhaus.lu\/ankauf\/#primaryimage"},"image":{"@id":"https:\/\/www.faberhaus.lu\/ankauf\/#primaryimage"},"thumbnailUrl":"https:\/\/www.faberhaus.lu\/wp-content\/uploads\/2025\/04\/Ankauf_Grunstueck.jpg","datePublished":"2025-03-20T10:19:16+00:00","dateModified":"2026-01-30T10:37:49+00:00","description":"Wir kaufen: Grundst\u00fccke ab 500 m\u00b2? Mit\/ohne Planungsrecht \u2013 attraktiver Preis & schnelle Abwicklung in Luxemburg, Trier & der Gro\u00dfregion.","breadcrumb":{"@id":"https:\/\/www.faberhaus.lu\/ankauf\/#breadcrumb"},"inLanguage":"en-GB","potentialAction":[{"@type":"ReadAction","target":["https:\/\/www.faberhaus.lu\/ankauf\/"]}]},{"@type":"ImageObject","inLanguage":"en-GB","@id":"https:\/\/www.faberhaus.lu\/ankauf\/#primaryimage","url":"https:\/\/www.faberhaus.lu\/wp-content\/uploads\/2025\/04\/Ankauf_Grunstueck.jpg","contentUrl":"https:\/\/www.faberhaus.lu\/wp-content\/uploads\/2025\/04\/Ankauf_Grunstueck.jpg"},{"@type":"BreadcrumbList","@id":"https:\/\/www.faberhaus.lu\/ankauf\/#breadcrumb","itemListElement":[{"@type":"ListItem","position":1,"name":"Startseite","item":"https:\/\/www.faberhaus.lu\/"},{"@type":"ListItem","position":2,"name":"Ankauf"}]},{"@type":"WebSite","@id":"https:\/\/www.faberhaus.lu\/#website","url":"https:\/\/www.faberhaus.lu\/","name":"Faberhaus","description":"schl\u00fcsselfertiger Massivhausbau","publisher":{"@id":"https:\/\/www.faberhaus.lu\/#organization"},"potentialAction":[{"@type":"SearchAction","target":{"@type":"EntryPoint","urlTemplate":"https:\/\/www.faberhaus.lu\/?s={search_term_string}"},"query-input":{"@type":"PropertyValueSpecification","valueRequired":true,"valueName":"search_term_string"}}],"inLanguage":"en-GB"},{"@type":"Organization","@id":"https:\/\/www.faberhaus.lu\/#organization","name":"Faberhaus","url":"https:\/\/www.faberhaus.lu\/","logo":{"@type":"ImageObject","inLanguage":"en-GB","@id":"https:\/\/www.faberhaus.lu\/#\/schema\/logo\/image\/","url":"https:\/\/www.faberhaus.lu\/wp-content\/uploads\/2025\/03\/Faberhaus_Logo.png","contentUrl":"https:\/\/www.faberhaus.lu\/wp-content\/uploads\/2025\/03\/Faberhaus_Logo.png","width":1386,"height":610,"caption":"Faberhaus"},"image":{"@id":"https:\/\/www.faberhaus.lu\/#\/schema\/logo\/image\/"}}]}},"_links":{"self":[{"href":"https:\/\/www.faberhaus.lu\/en-gb\/wp-json\/wp\/v2\/pages\/1157","targetHints":{"allow":["GET"]}}],"collection":[{"href":"https:\/\/www.faberhaus.lu\/en-gb\/wp-json\/wp\/v2\/pages"}],"about":[{"href":"https:\/\/www.faberhaus.lu\/en-gb\/wp-json\/wp\/v2\/types\/page"}],"author":[{"embeddable":true,"href":"https:\/\/www.faberhaus.lu\/en-gb\/wp-json\/wp\/v2\/users\/1"}],"replies":[{"embeddable":true,"href":"https:\/\/www.faberhaus.lu\/en-gb\/wp-json\/wp\/v2\/comments?post=1157"}],"version-history":[{"count":53,"href":"https:\/\/www.faberhaus.lu\/en-gb\/wp-json\/wp\/v2\/pages\/1157\/revisions"}],"predecessor-version":[{"id":4681,"href":"https:\/\/www.faberhaus.lu\/en-gb\/wp-json\/wp\/v2\/pages\/1157\/revisions\/4681"}],"wp:attachment":[{"href":"https:\/\/www.faberhaus.lu\/en-gb\/wp-json\/wp\/v2\/media?parent=1157"}],"curies":[{"name":"wp","href":"https:\/\/api.w.org\/{rel}","templated":true}]}}